{"id":764,"date":"2012-01-31T21:55:06","date_gmt":"2012-01-31T21:55:06","guid":{"rendered":"http:\/\/www2020.vu.lt\/?page_id=764"},"modified":"2026-01-12T13:41:24","modified_gmt":"2026-01-12T13:41:24","slug":"mokiniu-taryba","status":"publish","type":"page","link":"https:\/\/www.mickunai.vilniausr.lm.lt\/?page_id=764&amp;lang=LT","title":{"rendered":"Mokini\u0173 taryba"},"content":{"rendered":"<p>Mokini\u0173 taryba renkama vieneriems metams. Galimas Mokini\u0173 tarybos nario kadencij\u0173 skai\u010dius &#8211; neribojamas. Nutr\u016bkus Mokini\u0173 tarybos nario \u012fgaliojimams pirma laiko, \u012f jo viet\u0105 atviru balsavimu bals\u0173 daugumos principu i\u0161renkamas kitas mokinys, besimokantis toje pa\u010dioje klas\u0117je, kurioje mokosi ir tas narys, kurio \u012fgaliojimai nutr\u016bko anks\u010diau laiko.<br \/>\nMokini\u0173 tarybai vadovauja Mokini\u0173 tarybos pirmininkas. Mokini\u0173 tarybos pirminink\u0105 vieniems metams atviru balsavimu renka Mokini\u0173 tarybos nariai.<br \/>\nMokini\u0173 tarybos kompetencija:<br \/>\n1. sudaro veiklos plan\u0105 mokslo metams;<br \/>\n2. dalyvauja rengiant Gimnazijos veikl\u0105 reglamentuojan\u010dius dokumentus;<br \/>\n3. svarsto Gimnazijos direktoriaus teikiamus klausimus;<br \/>\n4. svarsto mokini\u0173 teisi\u0173 Gimnazijoje ir u\u017e jos rib\u0173 gynimo klausimus;<br \/>\n5. perduoda i\u0161 Gimnazijos administracijos gaut\u0105 mokiniams aktuali\u0105 informacij\u0105;<br \/>\n6. r\u016bpinasi drausm\u0117s ir tvarkos palaikymu Gimnazijoje;<br \/>\n7. organizuoja informacijos apie savo veikl\u0105 sklaid\u0105 Gimnazijos tinklapyje ir\/ar Facebook paskyroje;<br \/>\n8. dalyvauja \u017ealing\u0173 \u012fpro\u010di\u0173 prevencijos veikloje;<br \/>\n9. teikia si\u016blymus d\u0117l mokymo organizavimo, vaik\u0173 neformaliojo \u0161vietimo program\u0173 pl\u0117tros, socialin\u0117s veiklos;<br \/>\n10. vykdo prevencines programas;<br \/>\n11. organizuoja savanori\u0173 veikl\u0105.<br \/>\nMokini\u0173 taryba atsiskaito u\u017e savo nuveikt\u0105 darb\u0105 visuotiniame mokini\u0173 susirinkime.<\/p>\n<p>Mokini\u0173 taryb\u0105 sudaro:<\/p>\n<ol>\n<li>A.Toma\u0161evi\u010d 5A<\/li>\n<li>Margarita \u0160ablovska 5B<\/li>\n<li>Artem Zajan\u010dkovski 6kl<\/li>\n<li>Gabriela Kozlovska 7kl.<\/li>\n<li>Olivija Romeiko 8kl.<\/li>\n<li>Adriana Toma\u0161evi\u010d IG kl.<\/li>\n<li>Justina Maldis IIG kl.<\/li>\n<li>Brigita Radi\u0161evska IIIG kl.<\/li>\n<li>Mateu\u0161 Ko\u017eenevski IVG kl.<\/li>\n<\/ol>\n","protected":false},"excerpt":{"rendered":"<p>Mokini\u0173 taryba renkama vieneriems metams. Galimas Mokini\u0173 tarybos nario kadencij\u0173 skai\u010dius &#8211; neribojamas. Nutr\u016bkus Mokini\u0173 tarybos nario \u012fgaliojimams pirma laiko, \u012f jo viet\u0105 atviru balsavimu bals\u0173 daugumos principu i\u0161renkamas kitas mokinys, besimokantis toje pa\u010dioje klas\u0117je, kurioje mokosi ir tas narys, &hellip; <a href=\"https:\/\/www.mickunai.vilniausr.lm.lt\/?page_id=764&#038;lang=LT\">Skaitykite toliau <span class=\"meta-nav\">&rarr;<\/span><\/a><\/p>\n","protected":false},"author":1,"featured_media":0,"parent":25145,"menu_order":0,"comment_status":"closed","ping_status":"closed","template":"","meta":[],"_links":{"self":[{"href":"https:\/\/www.mickunai.vilniausr.lm.lt\/index.php?rest_route=\/wp\/v2\/pages\/764"}],"collection":[{"href":"https:\/\/www.mickunai.vilniausr.lm.lt\/index.php?rest_route=\/wp\/v2\/pages"}],"about":[{"href":"https:\/\/www.mickunai.vilniausr.lm.lt\/index.php?rest_route=\/wp\/v2\/types\/page"}],"author":[{"embeddable":true,"href":"https:\/\/www.mickunai.vilniausr.lm.lt\/index.php?rest_route=\/wp\/v2\/users\/1"}],"replies":[{"embeddable":true,"href":"https:\/\/www.mickunai.vilniausr.lm.lt\/index.php?rest_route=%2Fwp%2Fv2%2Fcomments&post=764"}],"version-history":[{"count":28,"href":"https:\/\/www.mickunai.vilniausr.lm.lt\/index.php?rest_route=\/wp\/v2\/pages\/764\/revisions"}],"predecessor-version":[{"id":40493,"href":"https:\/\/www.mickunai.vilniausr.lm.lt\/index.php?rest_route=\/wp\/v2\/pages\/764\/revisions\/40493"}],"up":[{"embeddable":true,"href":"https:\/\/www.mickunai.vilniausr.lm.lt\/index.php?rest_route=\/wp\/v2\/pages\/25145"}],"wp:attachment":[{"href":"https:\/\/www.mickunai.vilniausr.lm.lt\/index.php?rest_route=%2Fwp%2Fv2%2Fmedia&parent=764"}],"curies":[{"name":"wp","href":"https:\/\/api.w.org\/{rel}","templated":true}]}}