{"id":24997,"date":"2020-02-13T13:49:41","date_gmt":"2020-02-13T13:49:41","guid":{"rendered":"http:\/\/www2020.vu.lt\/?page_id=24997"},"modified":"2020-02-13T14:04:34","modified_gmt":"2020-02-13T14:04:34","slug":"projektas-mokyklos-europos-parlamento-ambasadores","status":"publish","type":"page","link":"https:\/\/www.mickunai.vilniausr.lm.lt\/?page_id=24997&amp;lang=LT","title":{"rendered":"PROJEKTAS \u201eMOKYKLOS \u2013 EUROPOS PARLAMENTO AMBASADOR\u0116S\u201c"},"content":{"rendered":"<p>Mick\u016bn\u0173 gimnazija dalyvauja projekte, kurio tikslas \u2013 skatinti mokyklos bendruomen\u0117s aktyv\u0173 dom\u0117jim\u0105si Europos S\u0105jungos (ES) sprendimais ir aktualijomis, o ypa\u010d Europos Parlamento (EP) vaidmeniu Europos demokratijoje. Joje numatytos tiek formaliojo ugdymo (integruotos pamokos apie ES ir Europos Parlament\u0105), tiek neformaliojo ugdymo (Europos dienos renginiai, diskusijos, informacijos apie EP ir ES sklaida) priemon\u0117s. Programoje s\u0117kmingai dalyvaujan\u010dioms mokykloms bus suteiktas Europos Parlamento ambasadori\u0173 vardas, o geriausi moksleiviai ir mokytojai bus pakviesti apsilankyti Strasb\u016bre arba Briuselyje.<br \/>\nrojektas \u201eMokyklos \u2013 Europos Parlamento ambasador\u0117s\u201c tai galimyb\u0117 mokykloms suteikti savo moksleiviams didesn\u012f supratim\u0105 apie Europos parlamentin\u0119 demokratij\u0105 ir prisijungti prie ES mokykl\u0173 tinklo.<\/p>\n<p>2016\u20132017 mokslo metais Lietuvoje prasid\u0117jo projekto \u201eMokyklos \u2013 Europos Parlamenot ambasador\u0117s\u201c \u012fgyvendinimas. 57 projekto dalyv\u0117s, \u012fgyvendinusios projekto reikalavimus (tarp kuri\u0173 pamokos apie ES ir Europos Parlament\u0105, informacijos lentynos \u012fk\u016brimas, Europos dienos \u0161vent\u0117 ir kt.) tapo mokyklomis EP mokykl\u0173 ambasadori\u0173 tinklo nar\u0117mis. 2018-2019 m. prie tinklo prisijung\u0117 jau 84 gimnazijos ir profesinio rengimo mokyklos.<\/p>\n<p><strong>Projekto turinys ir reikalavimai<\/strong><\/p>\n<p>Gimnazijos ir profesinio rengimo centrai, norintys tapti MEPA nariais, registruojasi dalyvavimui projekte mokslo met\u0173 prad\u017eioje, paskelbus kvietim\u0105 registruotis.<\/p>\n<p>Projekto dalyviai gauna projekto mokom\u0105j\u0105 med\u017eiag\u0105: projekto vadov\u0117l\u012f, pratyb\u0173 s\u0105siuvinius bei integruot\u0173 pamok\u0173 planus su nuorodomis, prezentacijomis, vizualine informacija, ir \u012fsipareigoja integruoti \u0161i\u0105 med\u017eiag\u0105 \u012f pamokas mokslo met\u0173 eigoje.<\/p>\n<p>Minimal\u016bs reikalavimai projekto vykdytojams yra \u0161ie: paskirti u\u017e projekt\u0105 atsakingus mokytojus (vyresniuosius ambasadorius) ir moksleivius (jaunesniuosius ambasadorius); \u012fsteigti ES informacijos lentyn\u0105 gimnazijoje (gali b\u016bti virtuali &#8211; ES \u0161altini\u0173 aplankas visuose gimnazijos kompiuteriuose, gimnazijos tinklalapyje); integruoti MEPA mokom\u0105j\u0105 med\u017eiag\u0105 \u012f pamokas (pravesti bent 20 MEPA pamok\u0173 per mokslo metus) ir at\u0161v\u0119sti Europos dien\u0105.<\/p>\n<p>Gimnazijos, \u012fvykd\u017eiusios \u0161iuos reikalavimus, tampa MEPA nar\u0117mis, gauna tai patvirtinan\u010dias lenteles ir diplomus.<\/p>\n<p>Vis\u0173 dalyvi\u0173 veiklos yra vertinamos mokslo met\u0173 pabaigoje pagal i\u0161 anksto nustatytus kriterijus. Geriausiai pasirod\u017eiusios gimnazijos yra kvie\u010diamos \u012f Euroscola dienas Strasb\u016bre, o mokytojai gali dalyvauti MEPA seminaruose Briuselyje.<\/p>\n<p>I\u0161samesn\u0119 informacij\u0105 rasite \u0161ioje nuorodoje: <a href=\"https:\/\/www.europarl.europa.eu\/lithuania\/lt\/mokykloms\/mokyklos-%E2%80%93-europos-parlamento-ambasador%C4%97s\">MEPA<\/a><\/p>\n<p><a href=\"http:\/\/www2020.vu.lt\/wp-content\/uploads\/2020\/02\/MEPA.jpg\"><img decoding=\"async\" loading=\"lazy\" src=\"http:\/\/www2020.vu.lt\/wp-content\/uploads\/2020\/02\/MEPA.jpg\" alt=\"mepa\" width=\"484\" height=\"152\" class=\"aligncenter size-full wp-image-25000\" srcset=\"https:\/\/www.mickunai.vilniausr.lm.lt\/wp-content\/uploads\/2020\/02\/MEPA.jpg 484w, https:\/\/www.mickunai.vilniausr.lm.lt\/wp-content\/uploads\/2020\/02\/MEPA-300x94.jpg 300w\" sizes=\"(max-width: 484px) 100vw, 484px\" \/><\/a><\/p>\n","protected":false},"excerpt":{"rendered":"<p>Mick\u016bn\u0173 gimnazija dalyvauja projekte, kurio tikslas \u2013 skatinti mokyklos bendruomen\u0117s aktyv\u0173 dom\u0117jim\u0105si Europos S\u0105jungos (ES) sprendimais ir aktualijomis, o ypa\u010d Europos Parlamento (EP) vaidmeniu Europos demokratijoje. Joje numatytos tiek formaliojo ugdymo (integruotos pamokos apie ES ir Europos Parlament\u0105), tiek neformaliojo &hellip; <a href=\"https:\/\/www.mickunai.vilniausr.lm.lt\/?page_id=24997&#038;lang=LT\">Skaitykite toliau <span class=\"meta-nav\">&rarr;<\/span><\/a><\/p>\n","protected":false},"author":1,"featured_media":0,"parent":822,"menu_order":0,"comment_status":"closed","ping_status":"closed","template":"","meta":[],"_links":{"self":[{"href":"https:\/\/www.mickunai.vilniausr.lm.lt\/index.php?rest_route=\/wp\/v2\/pages\/24997"}],"collection":[{"href":"https:\/\/www.mickunai.vilniausr.lm.lt\/index.php?rest_route=\/wp\/v2\/pages"}],"about":[{"href":"https:\/\/www.mickunai.vilniausr.lm.lt\/index.php?rest_route=\/wp\/v2\/types\/page"}],"author":[{"embeddable":true,"href":"https:\/\/www.mickunai.vilniausr.lm.lt\/index.php?rest_route=\/wp\/v2\/users\/1"}],"replies":[{"embeddable":true,"href":"https:\/\/www.mickunai.vilniausr.lm.lt\/index.php?rest_route=%2Fwp%2Fv2%2Fcomments&post=24997"}],"version-history":[{"count":3,"href":"https:\/\/www.mickunai.vilniausr.lm.lt\/index.php?rest_route=\/wp\/v2\/pages\/24997\/revisions"}],"predecessor-version":[{"id":25003,"href":"https:\/\/www.mickunai.vilniausr.lm.lt\/index.php?rest_route=\/wp\/v2\/pages\/24997\/revisions\/25003"}],"up":[{"embeddable":true,"href":"https:\/\/www.mickunai.vilniausr.lm.lt\/index.php?rest_route=\/wp\/v2\/pages\/822"}],"wp:attachment":[{"href":"https:\/\/www.mickunai.vilniausr.lm.lt\/index.php?rest_route=%2Fwp%2Fv2%2Fmedia&parent=24997"}],"curies":[{"name":"wp","href":"https:\/\/api.w.org\/{rel}","templated":true}]}}